{"id":9644,"date":"2022-12-07T11:00:45","date_gmt":"2022-12-07T10:00:45","guid":{"rendered":"https:\/\/thee.be\/?post_type=product&#038;p=9644"},"modified":"2025-12-19T17:12:27","modified_gmt":"2025-12-19T16:12:27","slug":"melange-de-the-vert-garden-of-eden","status":"publish","type":"product","link":"https:\/\/thee.be\/fr\/shop\/the-en-vrac\/the-vert\/melange-de-the-vert-garden-of-eden\/","title":{"rendered":"M\u00e9lange de th\u00e9 vert \u2013 Garden of Eden"},"content":{"rendered":"<p>Ces feuilles de th\u00e9 vert sont accompagn\u00e9es de quelques ar\u00f4mes populaires. La pomme, le citron et la menthe donnent une touche particuli\u00e8rement fra\u00eeche \u00e0 cette tasse. Cela fait de ce th\u00e9 vert un m\u00e9lange tr\u00e8s accessible et tr\u00e8s appr\u00e9ci\u00e9 qui sait plaire \u00e0 beaucoup. En fait, c&rsquo;est aussi un bon d\u00e9but pour ceux qui n&rsquo;ont pas encore une grande exp\u00e9rience du th\u00e9 vert.<\/p>\n<p>Ce m\u00e9lange de th\u00e9 vert appartient \u00e0 la ligne Garden Of Eden, co-d\u00e9velopp\u00e9e par notre sommelier interne Steffi Vertriest.<\/p>\n<p><strong>Attention : la date limite de conservation de ce th\u00e9 est le 30\/12\/2025. Le th\u00e9 ne se d\u00e9t\u00e9riore pas rapidement, mais son go\u00fbt peut s\u2019att\u00e9nuer avec le temps.<\/strong><\/p>\n<h3>Composition<\/h3>\n<p>Th\u00e9 vert, morceaux de pomme douce, \u00e9corce de citron, menthe verte, menthe poivr\u00e9e, ar\u00f4me.<\/p>\n","protected":false},"excerpt":{"rendered":"<p>Un m\u00e9lange de th\u00e9 vert avec de la pomme, du citron et de la menthe.<\/p>\n","protected":false},"featured_media":9216,"comment_status":"open","ping_status":"closed","template":"","meta":{"rs_blank_template":"","rs_page_bg_color":"","slide_template_v7":""},"product_brand":[296],"product_cat":[132,138],"product_tag":[],"class_list":["post-9644","product","type-product","status-publish","has-post-thumbnail","product_brand-garden-of-eden-fr","product_cat-the-en-vrac","product_cat-the-vert","first","outofstock","taxable","shipping-taxable","purchasable","product-type-simple"],"bundled_by":[],"bundle_stock_status":"outofstock","bundle_stock_quantity":null,"bundle_virtual":false,"bundle_layout":"","bundle_add_to_cart_form_location":"","bundle_editable_in_cart":false,"bundle_sold_individually_context":"","bundle_item_grouping":"","bundle_min_size":"","bundle_max_size":"","bundle_price":[],"bundled_items":[],"bundle_sell_ids":[],"_links":{"self":[{"href":"https:\/\/thee.be\/fr\/wp-json\/wp\/v2\/product\/9644","targetHints":{"allow":["GET"]}}],"collection":[{"href":"https:\/\/thee.be\/fr\/wp-json\/wp\/v2\/product"}],"about":[{"href":"https:\/\/thee.be\/fr\/wp-json\/wp\/v2\/types\/product"}],"replies":[{"embeddable":true,"href":"https:\/\/thee.be\/fr\/wp-json\/wp\/v2\/comments?post=9644"}],"wp:featuredmedia":[{"embeddable":true,"href":"https:\/\/thee.be\/fr\/wp-json\/wp\/v2\/media\/9216"}],"wp:attachment":[{"href":"https:\/\/thee.be\/fr\/wp-json\/wp\/v2\/media?parent=9644"}],"wp:term":[{"taxonomy":"product_brand","embeddable":true,"href":"https:\/\/thee.be\/fr\/wp-json\/wp\/v2\/product_brand?post=9644"},{"taxonomy":"product_cat","embeddable":true,"href":"https:\/\/thee.be\/fr\/wp-json\/wp\/v2\/product_cat?post=9644"},{"taxonomy":"product_tag","embeddable":true,"href":"https:\/\/thee.be\/fr\/wp-json\/wp\/v2\/product_tag?post=9644"}],"curies":[{"name":"wp","href":"https:\/\/api.w.org\/{rel}","templated":true}]}}