{"id":10568,"date":"2023-03-21T11:06:12","date_gmt":"2023-03-21T10:06:12","guid":{"rendered":"https:\/\/thee.be\/?post_type=product&#038;p=10568"},"modified":"2026-04-21T15:52:20","modified_gmt":"2026-04-21T13:52:20","slug":"korean-woojeon","status":"publish","type":"product","link":"https:\/\/thee.be\/fr\/shop\/the-en-vrac\/the-vert\/korean-woojeon\/","title":{"rendered":"Korean Woojeon"},"content":{"rendered":"<p>Chez Thee.be, nous sommes tr\u00e8s heureux de vous pr\u00e9senter ce th\u00e9 vert cor\u00e9en. Car nous sommes tous des fans de la premi\u00e8re heure. Peu apr\u00e8s avoir go\u00fbt\u00e9 le premier lot, nous avons \u00e9t\u00e9 convaincus qu&rsquo;il s&rsquo;agissait d&rsquo;un th\u00e9 vert que notre communaut\u00e9 devait avoir go\u00fbt\u00e9.<\/p>\n<p>Quand on pense au th\u00e9 vert, on pense tout de suite \u00e0 la Chine ou au Japon, mais la Cor\u00e9e a aussi une histoire du th\u00e9 riche et s\u00e9culaire. Les premiers \u00e9crits sur le th\u00e9 cor\u00e9en remontent \u00e0 661 et le pays poss\u00e8de \u00e9galement sa propre c\u00e9r\u00e9monie du th\u00e9, le \u00ab\u00a0Darye\u00a0\u00bb ou \u00e9galement appel\u00e9 \u00ab\u00a0\u00e9tiquette du th\u00e9\u00a0\u00bb, qui, \u00e0 premi\u00e8re vue, rappelle le Gong Fu Cha chinois (en raison des petites tasses, entre autres), mais pr\u00e9sente quelques diff\u00e9rences.<\/p>\n<p>En ce qui concerne le th\u00e9, la Cor\u00e9e est surtout connue pour son th\u00e9 vert. Si vous \u00eates d\u00e9j\u00e0 un buveur de th\u00e9 vert exp\u00e9riment\u00e9, vous trouverez dans ce Woojeon cor\u00e9en un m\u00e9lange agr\u00e9able de saveurs typiquement japonaises et typiquement chinoises. Le go\u00fbt d&rsquo;herbe souvent prononc\u00e9 du th\u00e9 vert japonais est ici un peu plus doux. Les nuances de noix et une l\u00e9g\u00e8re note de torr\u00e9faction sont plus pr\u00e9sentes.<\/p>\n<p>Ce th\u00e9 est appel\u00e9 \u00ab\u00a0Woojeon\u00a0\u00bb, ce qui signifie \u00ab\u00a0avant la pluie\u00a0\u00bb. Il est en effet cueilli entre la mi-avril et la fin avril, avant l&rsquo;arriv\u00e9e des pluies de printemps. Comme le th\u00e9 est cueilli avant la pluie, il est tr\u00e8s aromatique, \u00e0 la fois en termes de go\u00fbt et de parfum. Ce th\u00e9 est \u00e9galement tr\u00e8s complexe, ce qui ne manquera pas de plaire aux connaisseurs.<\/p>\n<p>Le Woojeon cor\u00e9en est une sp\u00e9cialit\u00e9 de Cor\u00e9e et provient de l&rsquo;\u00eele volcanique de Jejudo. Cette belle \u00eele est d&rsquo;ailleurs \u00e9galement connue pour ses fruits de mer, ce qui constitue un bon conseil de d\u00e9gustation. Les notes herbac\u00e9es et de noix de ce th\u00e9 vert s&rsquo;accordent parfaitement avec les fruits de mer et le poisson. M\u00eame froid, ce th\u00e9 est hautement recommand\u00e9.<\/p>\n<p>Notes de d\u00e9gustation : noix, foin, agrumes, citron vert, min\u00e9ral, notes l\u00e9g\u00e8rement sucr\u00e9es et arri\u00e8re-go\u00fbt l\u00e9g\u00e8rement sec.<\/p>\n<h3>Composition<\/h3>\n<p>Th\u00e9 vert cor\u00e9en.<\/p>\n","protected":false},"excerpt":{"rendered":"<p>Ce th\u00e9 vert cor\u00e9en vous donne un aper\u00e7u instantan\u00e9 de la culture cor\u00e9enne du th\u00e9. Avec sa saveur accessible mais unique et distincte, il parvient rapidement \u00e0 conqu\u00e9rir le c\u0153ur de tous les buveurs de th\u00e9 vert. Ce sachet contient 70 grammes de th\u00e9 vert cor\u00e9en.<\/p>\n","protected":false},"featured_media":10633,"comment_status":"open","ping_status":"closed","template":"","meta":[],"product_brand":[],"product_cat":[132,138],"product_tag":[],"class_list":{"0":"post-10568","1":"product","2":"type-product","3":"status-publish","4":"has-post-thumbnail","6":"product_cat-the-en-vrac","7":"product_cat-the-vert","9":"first","10":"outofstock","11":"taxable","12":"shipping-taxable","13":"purchasable","14":"product-type-simple"},"bundled_by":[],"bundle_stock_status":"outofstock","bundle_stock_quantity":0,"bundle_virtual":false,"bundle_layout":"","bundle_add_to_cart_form_location":"","bundle_editable_in_cart":false,"bundle_sold_individually_context":"","bundle_item_grouping":"","bundle_min_size":"","bundle_max_size":"","bundle_price":[],"bundled_items":[],"bundle_sell_ids":[],"_links":{"self":[{"href":"https:\/\/thee.be\/fr\/wp-json\/wp\/v2\/product\/10568","targetHints":{"allow":["GET"]}}],"collection":[{"href":"https:\/\/thee.be\/fr\/wp-json\/wp\/v2\/product"}],"about":[{"href":"https:\/\/thee.be\/fr\/wp-json\/wp\/v2\/types\/product"}],"replies":[{"embeddable":true,"href":"https:\/\/thee.be\/fr\/wp-json\/wp\/v2\/comments?post=10568"}],"wp:featuredmedia":[{"embeddable":true,"href":"https:\/\/thee.be\/fr\/wp-json\/wp\/v2\/media\/10633"}],"wp:attachment":[{"href":"https:\/\/thee.be\/fr\/wp-json\/wp\/v2\/media?parent=10568"}],"wp:term":[{"taxonomy":"product_brand","embeddable":true,"href":"https:\/\/thee.be\/fr\/wp-json\/wp\/v2\/product_brand?post=10568"},{"taxonomy":"product_cat","embeddable":true,"href":"https:\/\/thee.be\/fr\/wp-json\/wp\/v2\/product_cat?post=10568"},{"taxonomy":"product_tag","embeddable":true,"href":"https:\/\/thee.be\/fr\/wp-json\/wp\/v2\/product_tag?post=10568"}],"curies":[{"name":"wp","href":"https:\/\/api.w.org\/{rel}","templated":true}]}}